{"id":688,"date":"2021-03-31T15:10:02","date_gmt":"2021-03-31T13:10:02","guid":{"rendered":"http:\/\/asso-innae.fr\/?page_id=688"},"modified":"2025-04-28T14:36:56","modified_gmt":"2025-04-28T12:36:56","slug":"reservation","status":"publish","type":"page","link":"https:\/\/asso-innae.fr\/?page_id=688","title":{"rendered":"R\u00e9servation"},"content":{"rendered":"<h3>R\u00e9servation des places pour le congr\u00e8s<\/h3>\n<p>R\u00e9servez d\u00e8s maintenant votre place pour le congr\u00e8s &#8220;Au coeur de l&#8217;\u00e9ducation&#8221;.<\/p>\n<p>10 conf\u00e9rences, 20 stands pour se poser la question de nos choix \u00e9ducatifs envers les enfants du plus jeune \u00e2ge \u00e0 l\u2019adolescence et repartir avec des pistes d\u2019\u00e9volution. Th\u00e8me : Enfants et ados d&#8217;aujourd&#8217;hui !<\/p>\n<p>Pour une&nbsp;<strong>r\u00e9servation professionnelle<\/strong>, une facturation avec paiement par virement bancaire est possible : nous contacter avant le 13 octobre \u00e0 <a href=\"mailto:asso.innae@gmail.com\">asso.innae@gmail.com<\/a><\/p>\n<p><strong style=\"color: #5a0e5b;\">NOTER :<\/strong><\/p>\n<p><strong>En cas d\u2019annulation ou de report du congr\u00e8s<\/strong>, l\u2019int\u00e9gralit\u00e9 du prix de votre place vous sera rembours\u00e9e. En dehors de ces cas, aucun remboursement ne pourra \u00eatre effectu\u00e9.<\/p>\n<\/p>\n<p><strong>Pensez aussi \u00e0 r\u00e9server ci dessous :<\/strong><\/p>\n<ul>\n<li><strong>votre repas<\/strong>&nbsp;local et bio \u00e0 11\u20ac&nbsp;<strong>(r\u00e9servation obligatoire avant le dimanche 08\/10)<\/strong><\/li>\n<li>votre <strong>pack congr\u00e8s 2023 &#8211; les 10 conf\u00e9rences au format num\u00e9rique<\/strong>&nbsp;pour revoir et offrir les conf\u00e9rences \u00e0 24\u20ac<\/li>\n<li>vos <strong>ateliers pratiques<\/strong>&nbsp;<\/li>\n<li>votre <strong>garde d&#8217;enfant (r\u00e9servation obligatoire avant le jeudi 05\/10)<\/strong><\/li>\n<\/ul>\n<p>\t\t\t<a href=\"https:\/\/www.helloasso.com\/associations\/innov-actions-educatives\/evenements\/au-c-ur-de-l-education-2\" id=\"https:\/\/www.helloasso.com\/associations\/innov-actions-educatives\/evenements\/au-c-ur-de-l-education\"><br \/>\n\t\t\t\t\t\tR\u00e9server mes places pour le congr\u00e8s<br \/>\n\t\t\t\t\t<\/a><\/p>\n<h3>&nbsp;R\u00e9servation des repas (avant le dimanche 08\/10)<\/h3>\n<p>R\u00e9servez votre repas complet pour 11\u20ac, <strong>avant le dimanche 08 octobre<\/strong>, aupr\u00e8s &nbsp;de notre traiteur local &nbsp;&#8220;carte blanche&#8221;!&nbsp;<\/p>\n<p>Le traiteur Carte Blanche propose une cuisine coop\u00e9rative saine, durable, \u00e9thique et accessible \u00e0 tous. Ses choix de produits essentiellement bio et locaux nous ont s\u00e9duit. Nous leur faisons confiance pour vous servir un bon repas \u00e0 emporter dans des conditions faciles et rapides. Leur caravane sera install\u00e9e juste devant la salle du congr\u00e8s.<\/p>\n<p>Attention ! Pour \u00e9viter tout gaspillage, notre traiteur cuisinera le nombre de repas pr\u00e9-r\u00e9serv\u00e9 en ligne et vous n&#8217;aurez pas la possibilit\u00e9 d&#8217;acheter un repas non r\u00e9serv\u00e9 !<\/p>\n<p>MENU SAMEDI 14 OCTOBRE midi<br \/>\n&nbsp;Burritos boeuf bio comtois au comt\u00e9 \u2022 Petits l\u00e9gumes locaux \u2022 2 desserts de saison au choix (menu v\u00e9g\u00e9 possible)<br \/>\n&nbsp;<br \/>\nMENU DIMANCHE 15 OCTOBRE midi<br \/>\nCouscous poulet bio du Doubs \u2022 L\u00e9gumes locaux \u2022 Semoule bio \u2022 2 desserts de saison au choix (menu v\u00e9g\u00e9 possible)<br \/>\n&nbsp;<\/p>\n<p><strong><strong style=\"color: #5a0e5b;\">A NOTER :<\/strong><\/strong><\/p>\n<p><strong>En cas d\u2019annulation ou de report du congr\u00e8s<\/strong>, l\u2019int\u00e9gralit\u00e9 du prix de votre repas vous sera rembours\u00e9e. En dehors de ces cas, aucun remboursement ne pourra \u00eatre effectu\u00e9.<\/p>\n<p>\t\t\t<a href=\"https:\/\/www.helloasso.com\/associations\/innov-actions-educatives\/evenements\/reservez-votre-repas-complet-pour-11-2\"><br \/>\n\t\t\t\t\t\tR\u00e9server mes repas<br \/>\n\t\t\t\t\t<\/a><\/p>\n<h3>Congr\u00e8s 2023 &#8211; les 10 conf\u00e9rences au format num\u00e9rique<\/h3>\n<p>Les conf\u00e9rences ont \u00e9t\u00e9 film\u00e9es par des professionnels. Si vous souhaitez revivre ces riches moments ou les offrir, r\u00e9servez votre pack congr\u00e8s 2023 d\u00e8s maintenant !<\/p>\n<p>Les conf\u00e9rences du dimanche sont compr\u00e9hensibles mais le son est de moindre qualit\u00e9. Pour cette raison nous vous les offrons et divisons le pris de 24\u20ac par 2 ! Le tarif particulier pour une utilisation familiale est au prix de 12\u20ac. Les tarifs professionnels sont \u00e0 27\u20ac (structure de moins de 10 salari\u00e9s) et \u00e0 75\u20ac (structure de plus de 10 salari\u00e9s).<\/p>\n<p><strong>Isabelle Filliozat\u00a0 &#8211;<\/strong> Consentement, quel accompagnement ? &#8211; <strong>Philippe Meirieu &#8211; <\/strong>Quels d\u00e9fis \u00e9ducatifs pour le monde qui vient ? &#8211; <strong>Marie Costa &#8211;<\/strong>Pour une parentalit\u00e9 joyeuse &#8211; <strong>G\u00e9rard Vallat\u00a0 &#8211;<\/strong>\u00a0Le bon usage des conflits dans la relation &#8211; <strong>Sophie Blin &#8211;<\/strong>Maintenir l\u2019alliance parentale, malgr\u00e9 la s\u00e9paration conjugale <strong>Fabien Normand<\/strong> &#8211; Petits et grands devant les \u00e9crans &#8211;\u00a0 <strong>Capucine Vercellotti\u00a0 &#8211;<\/strong> Bouger pour mieux apprendre &#8211; <strong>Herv\u00e9 Brugnot et Juliette Delessard &#8211;<\/strong> La nature, un lieu essentiel pour se construire &#8211; 3 outils au service du bien-\u00eatre\u00a0 &#8211;\u00a0 <strong>6 professionnels<\/strong> &#8211; Ils changent l\u2019\u00e9ducation !\u00a0<\/p>\n<p>\u00a0<\/p>\n<p>Vous recevrez automatiquement le lien priv\u00e9 pour acc\u00e9der \u00e0 vos conf\u00e9rences\u00a0 !\u00a0<\/p>\n<p>La r\u00e9servation des conf\u00e9rences au format num\u00e9rique se fait uniquement en ligne (ci-dessous)<\/p>\n<p>\t\t\t<a href=\"https:\/\/www.helloasso.com\/associations\/innov-actions-educatives\/evenements\/pack-video-congres-2023-1\"><br \/>\n\t\t\t\t\t\tR\u00e9server mon pack congr\u00e8s 2023 &#8211; les 10 conf\u00e9rences au format num\u00e9rique<br \/>\n\t\t\t\t\t<\/a><\/p>\n<h3 style=\"letter-spacing: normal;\">Congr\u00e8s 2021 &#8211; 10 conf\u00e9rences au format num\u00e9rique<\/h3>\n<p>Les conf\u00e9rences du congr\u00e8s 2021 ont \u00e9t\u00e9 film\u00e9es par des vid\u00e9astes professionnels. Si vous souhaitez revivre ces riches moments et les offrir, commandez votre pack congr\u00e8s 2021 \u00e0 24\u20ac, d\u00e8s maintenant !<\/p>\n<p>\u00a0<\/p>\n<p style=\"font-style: inherit; color: #393939; font-size: 17px; font-family: Arial; line-height: 26px; text-align: center;\"><strong>Catherine Gueguen<\/strong>\u00a0Neurosciences affectives et sociales &#8211;\u00a0<strong style=\"font-style: inherit;\">Isabelle Peloux\u00a0<\/strong>Posture carr\u00e9e et posture ronde &#8211;\u00a0<strong style=\"font-style: inherit;\">Catherine Schmider\u00a0<\/strong>Et nous, qui nous \u00e9coute ? &#8211;\u00a0<strong style=\"font-style: inherit;\">Sarah Wauquiez\u00a0<\/strong>A l\u2019\u00e9cole du dehors &#8211;\u00a0<strong style=\"font-style: inherit;\">Sandra Meunier\u00a0<\/strong>R\u00e9enchantons l&#8217;\u00e9ducation , Osons la JOIE !\u00a0&#8211;\u00a0<strong style=\"font-style: inherit;\">Laure Geisler et\u00a0<\/strong><strong style=\"font-style: inherit;\">Sophie Blin\u00a0<\/strong>Des racines pour se d\u00e9ployer &#8211;\u00a0<strong style=\"font-style: inherit;\">Marie Costa\u00a0<\/strong>De 100 punitions \u00e0 sans punitions &#8211;\u00a0<strong style=\"font-style: inherit;\">J\u00e9r\u00e9my Barreau\u00a0<\/strong>Tous enfants, tous diff\u00e9rents ! &#8211;\u00a0<strong style=\"font-style: inherit;\">4 pros\u00a0<\/strong>Ils changent l\u2019\u00e9cole ! &#8211;\u00a0<strong style=\"font-style: inherit;\">Caroline Sost\u00a0<\/strong>S&#8217;\u00e9panouir \u00e0 l&#8217;\u00e9cole et changer le monde<\/p>\n<p style=\"font-style: inherit; color: #393939; font-size: 17px; font-family: Arial; line-height: 26px; text-align: center;\">\u00a0<\/p>\n<p>Vous recevrez imm\u00e9diatement le lien priv\u00e9 pour y acc\u00e9der.\u00a0<\/p>\n<p>La r\u00e9servation des 10 conf\u00e9rences au format num\u00e9rique se fait uniquement en ligne (ci-dessous)<\/p>\n<p>\t\t\t<a href=\"https:\/\/drive.google.com\/file\/d\/1QRY0Ne4n-ioZIBd_x8HZJTS5EoYHiC9j\/view?usp=share_link\" target=\"_blank\" rel=\"noopener\"><br \/>\n\t\t\t\t\t\tVOIR LE PROGRAMME COMPLET<br \/>\n\t\t\t\t\t<\/a><br \/>\n\t\t\t<a href=\"https:\/\/www.helloasso.com\/associations\/innov-actions-educatives\/evenements\/pack-video-congres-2021\"><br \/>\n\t\t\t\t\t\tCommander mon pack congr\u00e8s 2021 &#8211; les 10 conf\u00e9rences au format num\u00e9rique<br \/>\n\t\t\t\t\t<\/a><\/p>\n<h3>R\u00e9servation des ateliers jusqu&#8217;\u00e0 vendredi 13 octobre 14h. Vous pourrez ensuite r\u00e9server sur place !<\/h3>\n<h2 contenteditable=\"true\" data-elementor-setting-key=\"title\" data-pen-placeholder=\"\u00c9crivez ici...\">&nbsp;<\/h2>\n<h3>Nouveau cette ann\u00e9e !<\/h3>\n<p>Nous vous proposons divers ateliers pratiques lors de la pause de midi ou pendant quelques conf\u00e9rences ! Le th\u00e8me &#8220;Enfants et ados d&#8217;aujourd&#8217;hui&#8221; nous donne envie de vous faire d\u00e9couvrir des outils concrets pour vous aider \u00e0 g\u00e9rer votre relation avec votre enfant ou votre adolescent. Un th\u00e8me de conf\u00e9rence vous concerne moins ? Profitez en pour vivre une approche plus participative et d\u00e9couvrir l&#8217;EFT, la pleine conscience, le massage <i>MISP\u2122 mais aussi&nbsp;<\/i>la sophrologie, la coh\u00e9rence cardiaque, les mandalas&#8230; Faites vous votre id\u00e9e sur ces outils en venant les d\u00e9couvrir !<\/p>\n<p>Certains ateliers s&#8217;adressent au public parents\/enfants. Vous devez r\u00e9server une place pour vous et une place pour votre enfant.<\/p>\n<p>D\u00e9couvrez notre proposition en cliquant ci-dessous !<\/p>\n<p><strong><strong style=\"color: #5a0e5b;\">A NOTER :<\/strong><\/strong><\/p>\n<p><strong>En cas d\u2019annulation ou de report du congr\u00e8s<\/strong>, l\u2019int\u00e9gralit\u00e9 du prix de vos ateliers vous sera rembours\u00e9e. En dehors de ces cas, aucun remboursement ne pourra \u00eatre effectu\u00e9.<\/p>\n<p>\t\t\t<a href=\"https:\/\/www.helloasso.com\/associations\/innov-actions-educatives\/evenements\/ateliers-pratiques\"><br \/>\n\t\t\t\t\t\tVoir et r\u00e9server mes ateliers<br \/>\n\t\t\t\t\t<\/a><\/p>\n<h3>\u00a0<\/h3>\n<h3>R\u00e9servation de la garde des enfants (avant le jeudi 05\/10)<\/h3>\n<p>Nouveau cette ann\u00e9e !<\/p>\n<p>Nous souhaitons vous aider \u00e0 participer au congr\u00e8s si vous n&#8217;avez pas de solution de garde pour vos enfants ! Nous accueillons les enfants entre 3 et 12 ans en garderie, dans la salle Proudhon, pendant les conf\u00e9rences ! Pour une question d&#8217;organisation, merci de r<b>\u00e9server vos places avant le jeudi 05 octobre<\/b>.\u00a0<\/p>\n<p>Ce service est propos\u00e9 en partenariat avec les associations bisontines Coccinelle et Embre.\u00a0<\/p>\n<p>Vous pouvez r\u00e9server une place de garderie \u00e0 la demie journ\u00e9e.<\/p>\n<p>Attention, ce service est r\u00e9serv\u00e9 uniquement aux personnes ayant achet\u00e9 une place au congr\u00e8s, sur la m\u00eame journ\u00e9e. Nous disposons de 40 places par demie journ\u00e9e ! Alors r\u00e9servez d\u00e8s maintenant votre garde d&#8217;enfant pour 10\u20ac seulement la demie journ\u00e9e !<\/p>\n<p><strong><strong style=\"color: #5a0e5b;\">A NOTER :<\/strong><\/strong><\/p>\n<p><strong>En cas d\u2019annulation ou de report du congr\u00e8s<\/strong>, l\u2019int\u00e9gralit\u00e9 du prix de votre r\u00e9servation vous sera rembours\u00e9e. En dehors de ces cas, aucun remboursement ne pourra \u00eatre effectu\u00e9.<\/p>\n<p>\t\t\t<a href=\"https:\/\/www.helloasso.com\/associations\/innov-actions-educatives\/evenements\/garde-des-enfants\"><br \/>\n\t\t\t\t\t\tR\u00e9server une garde d&#8217;enfants<br \/>\n\t\t\t\t\t<\/a><\/p>\n","protected":false},"excerpt":{"rendered":"<p>R\u00e9servation des places pour le congr\u00e8s R\u00e9servez d\u00e8s maintenant votre place pour le congr\u00e8s &#8220;Au coeur de l&#8217;\u00e9ducation&#8221;. 10 conf\u00e9rences, 20 stands pour se poser la question de nos choix \u00e9ducatifs envers les enfants du plus jeune \u00e2ge \u00e0 l\u2019adolescence et repartir avec des pistes&#8230;<\/p>\n","protected":false},"author":1,"featured_media":0,"parent":0,"menu_order":0,"comment_status":"closed","ping_status":"closed","template":"full_width.php","meta":{"footnotes":""},"class_list":["post-688","page","type-page","status-publish","hentry"],"_links":{"self":[{"href":"https:\/\/asso-innae.fr\/index.php?rest_route=\/wp\/v2\/pages\/688","targetHints":{"allow":["GET"]}}],"collection":[{"href":"https:\/\/asso-innae.fr\/index.php?rest_route=\/wp\/v2\/pages"}],"about":[{"href":"https:\/\/asso-innae.fr\/index.php?rest_route=\/wp\/v2\/types\/page"}],"author":[{"embeddable":true,"href":"https:\/\/asso-innae.fr\/index.php?rest_route=\/wp\/v2\/users\/1"}],"replies":[{"embeddable":true,"href":"https:\/\/asso-innae.fr\/index.php?rest_route=%2Fwp%2Fv2%2Fcomments&post=688"}],"version-history":[{"count":365,"href":"https:\/\/asso-innae.fr\/index.php?rest_route=\/wp\/v2\/pages\/688\/revisions"}],"predecessor-version":[{"id":4179,"href":"https:\/\/asso-innae.fr\/index.php?rest_route=\/wp\/v2\/pages\/688\/revisions\/4179"}],"wp:attachment":[{"href":"https:\/\/asso-innae.fr\/index.php?rest_route=%2Fwp%2Fv2%2Fmedia&parent=688"}],"curies":[{"name":"wp","href":"https:\/\/api.w.org\/{rel}","templated":true}]}}