{"id":607,"date":"2021-03-14T14:26:57","date_gmt":"2021-03-14T13:26:57","guid":{"rendered":"http:\/\/asso-innae.fr\/?page_id=607"},"modified":"2023-05-23T22:28:16","modified_gmt":"2023-05-23T20:28:16","slug":"infos-pratiques","status":"publish","type":"page","link":"https:\/\/asso-innae.fr\/?page_id=607","title":{"rendered":"Infos pratiques"},"content":{"rendered":"\t\t<div data-elementor-type=\"wp-page\" data-elementor-id=\"607\" class=\"elementor elementor-607\">\n\t\t\t\t\t\t<section class=\"elementor-section elementor-top-section elementor-element elementor-element-585d361 elementor-section-boxed elementor-section-height-default elementor-section-height-default parallax_section_no qode_elementor_container_no\" data-id=\"585d361\" data-element_type=\"section\" data-e-type=\"section\">\n\t\t\t\t\t\t<div class=\"elementor-container elementor-column-gap-default\">\n\t\t\t\t\t<div class=\"elementor-column elementor-col-100 elementor-top-column elementor-element elementor-element-337eac7\" data-id=\"337eac7\" data-element_type=\"column\" data-e-type=\"column\">\n\t\t\t<div class=\"elementor-widget-wrap elementor-element-populated\">\n\t\t\t\t\t\t<div class=\"elementor-element elementor-element-59b3cce elementor-widget elementor-widget-spacer\" data-id=\"59b3cce\" data-element_type=\"widget\" data-e-type=\"widget\" data-widget_type=\"spacer.default\">\n\t\t\t\t<div class=\"elementor-widget-container\">\n\t\t\t\t\t\t\t<div class=\"elementor-spacer\">\n\t\t\t<div class=\"elementor-spacer-inner\"><\/div>\n\t\t<\/div>\n\t\t\t\t\t\t<\/div>\n\t\t\t\t<\/div>\n\t\t\t\t\t<\/div>\n\t\t<\/div>\n\t\t\t\t\t<\/div>\n\t\t<\/section>\n\t\t\t\t<section class=\"elementor-section elementor-top-section elementor-element elementor-element-2dab7a2 elementor-section-boxed elementor-section-height-default elementor-section-height-default parallax_section_no qode_elementor_container_no\" data-id=\"2dab7a2\" data-element_type=\"section\" data-e-type=\"section\">\n\t\t\t\t\t\t<div class=\"elementor-container elementor-column-gap-default\">\n\t\t\t\t\t<div class=\"elementor-column elementor-col-100 elementor-top-column elementor-element elementor-element-34b6827\" data-id=\"34b6827\" data-element_type=\"column\" data-e-type=\"column\">\n\t\t\t<div class=\"elementor-widget-wrap elementor-element-populated\">\n\t\t\t\t\t\t<div class=\"elementor-element elementor-element-64d308c elementor-widget elementor-widget-menu-anchor\" data-id=\"64d308c\" data-element_type=\"widget\" data-e-type=\"widget\" data-widget_type=\"menu-anchor.default\">\n\t\t\t\t<div class=\"elementor-widget-container\">\n\t\t\t\t\t\t\t<div class=\"elementor-menu-anchor\" id=\"date\"><\/div>\n\t\t\t\t\t\t<\/div>\n\t\t\t\t<\/div>\n\t\t\t\t<div class=\"elementor-element elementor-element-c4f4721 elementor-widget elementor-widget-text-editor\" data-id=\"c4f4721\" data-element_type=\"widget\" data-e-type=\"widget\" data-widget_type=\"text-editor.default\">\n\t\t\t\t<div class=\"elementor-widget-container\">\n\t\t\t\t\t\t\t\t\t<h3>Date<\/h3>\t\t\t\t\t\t\t\t<\/div>\n\t\t\t\t<\/div>\n\t\t\t\t<div class=\"elementor-element elementor-element-1eaa654 elementor-widget elementor-widget-text-editor\" data-id=\"1eaa654\" data-element_type=\"widget\" data-e-type=\"widget\" data-widget_type=\"text-editor.default\">\n\t\t\t\t<div class=\"elementor-widget-container\">\n\t\t\t\t\t\t\t\t\t<p>Samedi 16 et dimanche 17 octobre 2021<\/p><p>\u00a0<\/p><p><strong>Remarque &#8220;situation sanitaire&#8221; :<\/strong> l\u2019acc\u00e8s au congr\u00e8s suivra les r\u00e9glementations sanitaires en vigueur \u00e0 cette date. Dans les conditions actuelles, l\u2019entr\u00e9e sera soumise \u00e0 la pr\u00e9sentation d&#8217;un pass sanitaire (test n\u00e9gatif, certificat de r\u00e9tablissement, ou vaccination compl\u00e8te). Nous vous remercions de votre compr\u00e9hension.<\/p>\t\t\t\t\t\t\t\t<\/div>\n\t\t\t\t<\/div>\n\t\t\t\t<div class=\"elementor-element elementor-element-b10fc23 elementor-widget elementor-widget-menu-anchor\" data-id=\"b10fc23\" data-element_type=\"widget\" data-e-type=\"widget\" data-widget_type=\"menu-anchor.default\">\n\t\t\t\t<div class=\"elementor-widget-container\">\n\t\t\t\t\t\t\t<div class=\"elementor-menu-anchor\" id=\"lieu\"><\/div>\n\t\t\t\t\t\t<\/div>\n\t\t\t\t<\/div>\n\t\t\t\t<div class=\"elementor-element elementor-element-d4cf719 elementor-widget elementor-widget-text-editor\" data-id=\"d4cf719\" data-element_type=\"widget\" data-e-type=\"widget\" data-widget_type=\"text-editor.default\">\n\t\t\t\t<div class=\"elementor-widget-container\">\n\t\t\t\t\t\t\t\t\t<h3>Lieu<\/h3>\t\t\t\t\t\t\t\t<\/div>\n\t\t\t\t<\/div>\n\t\t\t\t<div class=\"elementor-element elementor-element-d605b67 elementor-widget elementor-widget-text-editor\" data-id=\"d605b67\" data-element_type=\"widget\" data-e-type=\"widget\" data-widget_type=\"text-editor.default\">\n\t\t\t\t<div class=\"elementor-widget-container\">\n\t\t\t\t\t\t\t\t\t<p>Le Grand Kursaal, salle de 750 places situ\u00e9e au centre ville de Besan\u00e7on : 2, place du Th\u00e9\u00e2tre &#8211; 25000 BESANCON<br \/>L&#8217;ensemble des salles du Kursaal est accessible aux personnes \u00e0 mobilit\u00e9 r\u00e9duite (\u00e0 l&#8217;exception des balcons).<\/p><p><a href=\"https:\/\/kursaal.besancon.fr\/salles\/\" target=\"_blank\" rel=\"noopener\">https:\/\/kursaal.besancon.fr<\/a><\/p>\t\t\t\t\t\t\t\t<\/div>\n\t\t\t\t<\/div>\n\t\t\t\t<div class=\"elementor-element elementor-element-0c8dac4 elementor-arrows-position-inside elementor-pagination-position-outside elementor-widget elementor-widget-image-carousel\" data-id=\"0c8dac4\" data-element_type=\"widget\" data-e-type=\"widget\" data-settings=\"{&quot;slides_to_show&quot;:&quot;1&quot;,&quot;autoplay_speed&quot;:2000,&quot;navigation&quot;:&quot;both&quot;,&quot;autoplay&quot;:&quot;yes&quot;,&quot;pause_on_hover&quot;:&quot;yes&quot;,&quot;pause_on_interaction&quot;:&quot;yes&quot;,&quot;infinite&quot;:&quot;yes&quot;,&quot;effect&quot;:&quot;slide&quot;,&quot;speed&quot;:500}\" data-widget_type=\"image-carousel.default\">\n\t\t\t\t<div class=\"elementor-widget-container\">\n\t\t\t\t\t\t\t<div class=\"elementor-image-carousel-wrapper swiper\" role=\"region\" aria-roledescription=\"carousel\" aria-label=\"Carrousel d\u2019images\" dir=\"ltr\">\n\t\t\t<div class=\"elementor-image-carousel swiper-wrapper\" aria-live=\"off\">\n\t\t\t\t\t\t\t\t<div class=\"swiper-slide\" role=\"group\" aria-roledescription=\"slide\" aria-label=\"1 sur 4\"><figure class=\"swiper-slide-inner\"><img decoding=\"async\" class=\"swiper-slide-image\" src=\"https:\/\/asso-innae.fr\/wp-content\/uploads\/2021\/03\/Grand-Kursaal-4-768x506.png\" alt=\"Grand Kursaal 4\" \/><\/figure><\/div><div class=\"swiper-slide\" role=\"group\" aria-roledescription=\"slide\" aria-label=\"2 sur 4\"><figure class=\"swiper-slide-inner\"><img decoding=\"async\" class=\"swiper-slide-image\" src=\"https:\/\/asso-innae.fr\/wp-content\/uploads\/2021\/03\/Grand-Kursaal-3-768x513.png\" alt=\"Grand Kursaal 3\" \/><\/figure><\/div><div class=\"swiper-slide\" role=\"group\" aria-roledescription=\"slide\" aria-label=\"3 sur 4\"><figure class=\"swiper-slide-inner\"><img decoding=\"async\" class=\"swiper-slide-image\" src=\"https:\/\/asso-innae.fr\/wp-content\/uploads\/2021\/03\/Grand-Kursaal-2-768x445.png\" alt=\"Grand Kursaal 2\" \/><\/figure><\/div><div class=\"swiper-slide\" role=\"group\" aria-roledescription=\"slide\" aria-label=\"4 sur 4\"><figure class=\"swiper-slide-inner\"><img decoding=\"async\" class=\"swiper-slide-image\" src=\"https:\/\/asso-innae.fr\/wp-content\/uploads\/2021\/03\/Grand-Kursaal-1-768x445.png\" alt=\"Grand Kursaal 1\" \/><\/figure><\/div>\t\t\t<\/div>\n\t\t\t\t\t\t\t\t\t\t\t\t<div class=\"elementor-swiper-button elementor-swiper-button-prev\" role=\"button\" tabindex=\"0\">\n\t\t\t\t\t\t<i aria-hidden=\"true\" class=\"eicon-chevron-left\"><\/i>\t\t\t\t\t<\/div>\n\t\t\t\t\t<div class=\"elementor-swiper-button elementor-swiper-button-next\" role=\"button\" tabindex=\"0\">\n\t\t\t\t\t\t<i aria-hidden=\"true\" class=\"eicon-chevron-right\"><\/i>\t\t\t\t\t<\/div>\n\t\t\t\t\n\t\t\t\t\t\t\t\t\t<div class=\"swiper-pagination\"><\/div>\n\t\t\t\t\t\t\t\t\t<\/div>\n\t\t\t\t\t\t<\/div>\n\t\t\t\t<\/div>\n\t\t\t\t<div class=\"elementor-element elementor-element-d37447c elementor-widget elementor-widget-text-editor\" data-id=\"d37447c\" data-element_type=\"widget\" data-e-type=\"widget\" data-widget_type=\"text-editor.default\">\n\t\t\t\t<div class=\"elementor-widget-container\">\n\t\t\t\t\t\t\t\t\t<h4>Acc\u00e9der au Kursaal :<\/h4><p>Situ\u00e9 en plein coeur du Centre Ville, dans la boucle du Doubs, au pied de la Citadelle de Vauban, \u00e0 une minute \u00e0 pied de l&#8217;Op\u00e9ra-Th\u00e9\u00e2tre et du Palais Granvelle (Mus\u00e9e du Temps).<\/p><p><strong style=\"color: #5a0e5b;\">En voiture :<\/strong> des parkings publics payants sont situ\u00e9s \u00e0 proximit\u00e9<br \/>&#8211; parking du th\u00e9\u00e2tre &#8211; 80 places dont 5 places handicap\u00e9s &#8211; juste \u00e0 c\u00f4t\u00e9<br \/>&#8211; parking souterrain de la mairie &#8211; 600 places &#8211; \u00e0 10 minutes \u00e0 pied<br \/>&#8211; parking chamars &#8211; 1200 places &#8211; \u00e0 12 minutes \u00e0 pied<\/p><p><strong style=\"color: #5a0e5b;\">En transport en commun : <\/strong> L\u2019arr\u00eat &#8221; Granvelle &#8221; est le plus proche du Kursaal, il est desservi par le r\u00e9seau GINKO. Si vous souhaitez plus de renseignements sur les transports en commun, veuillez cliquer sur ce lien <a href=\"http:\/\/www.ginko.voyage\" target=\"_blank\" rel=\"noopener\">www.ginko.voyage<\/a><\/p><p><strong style=\"color: #5a0e5b;\">\u00c0 pied : <\/strong>Le Kursaal est situ\u00e9 en plein coeur du Centre Ville, \u00e0 10 minutes \u00e0 pied de la place centrale de la Ville, la place du Huit Septembre 1944 (appel\u00e9e plus couramment par les Bisontins : place Saint-Pierre).<\/p>\t\t\t\t\t\t\t\t<\/div>\n\t\t\t\t<\/div>\n\t\t\t\t<div class=\"elementor-element elementor-element-ae43fec elementor-widget elementor-widget-google_maps\" data-id=\"ae43fec\" data-element_type=\"widget\" data-e-type=\"widget\" data-widget_type=\"google_maps.default\">\n\t\t\t\t<div class=\"elementor-widget-container\">\n\t\t\t\t\t\t\t<div class=\"elementor-custom-embed\">\n\t\t\t<iframe loading=\"lazy\"\n\t\t\t\t\tsrc=\"https:\/\/maps.google.com\/maps?q=2%20place%20du%20Th%C3%A9%C3%A2tre%2025000%20Besan%C3%A7on&#038;t=m&#038;z=15&#038;output=embed&#038;iwloc=near\"\n\t\t\t\t\ttitle=\"2 place du Th\u00e9\u00e2tre 25000 Besan\u00e7on\"\n\t\t\t\t\taria-label=\"2 place du Th\u00e9\u00e2tre 25000 Besan\u00e7on\"\n\t\t\t><\/iframe>\n\t\t<\/div>\n\t\t\t\t\t\t<\/div>\n\t\t\t\t<\/div>\n\t\t\t\t<div class=\"elementor-element elementor-element-1d5f340 elementor-widget elementor-widget-spacer\" data-id=\"1d5f340\" data-element_type=\"widget\" data-e-type=\"widget\" data-widget_type=\"spacer.default\">\n\t\t\t\t<div class=\"elementor-widget-container\">\n\t\t\t\t\t\t\t<div class=\"elementor-spacer\">\n\t\t\t<div class=\"elementor-spacer-inner\"><\/div>\n\t\t<\/div>\n\t\t\t\t\t\t<\/div>\n\t\t\t\t<\/div>\n\t\t\t\t<div class=\"elementor-element elementor-element-9724658 elementor-widget elementor-widget-menu-anchor\" data-id=\"9724658\" data-element_type=\"widget\" data-e-type=\"widget\" data-widget_type=\"menu-anchor.default\">\n\t\t\t\t<div class=\"elementor-widget-container\">\n\t\t\t\t\t\t\t<div class=\"elementor-menu-anchor\" id=\"horaires\"><\/div>\n\t\t\t\t\t\t<\/div>\n\t\t\t\t<\/div>\n\t\t\t\t<div class=\"elementor-element elementor-element-aece02d elementor-widget elementor-widget-text-editor\" data-id=\"aece02d\" data-element_type=\"widget\" data-e-type=\"widget\" data-widget_type=\"text-editor.default\">\n\t\t\t\t<div class=\"elementor-widget-container\">\n\t\t\t\t\t\t\t\t\t<h3>Horaires<\/h3>\t\t\t\t\t\t\t\t<\/div>\n\t\t\t\t<\/div>\n\t\t\t\t<section class=\"elementor-section elementor-inner-section elementor-element elementor-element-28e99b6 elementor-section-boxed elementor-section-height-default elementor-section-height-default parallax_section_no qode_elementor_container_no\" data-id=\"28e99b6\" data-element_type=\"section\" data-e-type=\"section\">\n\t\t\t\t\t\t<div class=\"elementor-container elementor-column-gap-default\">\n\t\t\t\t\t<div class=\"elementor-column elementor-col-50 elementor-inner-column elementor-element elementor-element-b3f16c0\" data-id=\"b3f16c0\" data-element_type=\"column\" data-e-type=\"column\">\n\t\t\t<div class=\"elementor-widget-wrap elementor-element-populated\">\n\t\t\t\t\t\t<div class=\"elementor-element elementor-element-8567f38 elementor-widget elementor-widget-bridge_advanced_pricing_table\" data-id=\"8567f38\" data-element_type=\"widget\" data-e-type=\"widget\" data-widget_type=\"bridge_advanced_pricing_table.default\">\n\t\t\t\t<div class=\"elementor-widget-container\">\n\t\t\t\t\t<div class=\"qode-advanced-pricing-table\">\n\t<div class=\"qode-apt-header qode-apt-row\">\n\t\t<div class=\"qode-apt-title-holder\">\n\t\t\t<h4 class=\"qode-apt-title\">\n\t\t\t\tSamedi\t\t\t<\/h4>\n\t\t<\/div>\n\t\t<div class=\"qode-apt-column-title-holder\">\n\t\t\t<h4 class=\"qode-apt-title\">\n\t\t\t\t\t\t\t<\/h4>\n\t\t<\/div>\n\t<\/div>\n\t\t\t<div class=\"qode-apt-items qode-apt-row\">\n\t\t\t<div class=\"qode-apt-item-title\">\n\t\t\t\t8h30\t\t\t<\/div>\n\t\t\t<div class=\"qode-apt-item-price\">\n\t\t\t\tACCUEIL DU PUBLIC ET OUVERTURE DES STANDS\t\t\t<\/div>\n\t\t<\/div>\n\t\t\t<div class=\"qode-apt-items qode-apt-row\">\n\t\t\t<div class=\"qode-apt-item-title\">\n\t\t\t\t9h15\t\t\t<\/div>\n\t\t\t<div class=\"qode-apt-item-price\">\n\t\t\t\tMot d&#039;ouverture du congr\u00e8s\t\t\t<\/div>\n\t\t<\/div>\n\t\t\t<div class=\"qode-apt-items qode-apt-row\">\n\t\t\t<div class=\"qode-apt-item-title\">\n\t\t\t\t9h45-10h45\t\t\t<\/div>\n\t\t\t<div class=\"qode-apt-item-price\">\n\t\t\t\tDe 100 punitions \u00e0 sans punitions\t\t\t<\/div>\n\t\t<\/div>\n\t\t\t<div class=\"qode-apt-items qode-apt-row\">\n\t\t\t<div class=\"qode-apt-item-title\">\n\t\t\t\t10h45-11h15\t\t\t<\/div>\n\t\t\t<div class=\"qode-apt-item-price\">\n\t\t\t\tPAUSE 30min\t\t\t<\/div>\n\t\t<\/div>\n\t\t\t<div class=\"qode-apt-items qode-apt-row\">\n\t\t\t<div class=\"qode-apt-item-title\">\n\t\t\t\t11h15-12h15\t\t\t<\/div>\n\t\t\t<div class=\"qode-apt-item-price\">\n\t\t\t\tS\u2019\u00e9panouir \u00e0 l\u2019\u00e9cole et changer le monde\t\t\t<\/div>\n\t\t<\/div>\n\t\t\t<div class=\"qode-apt-items qode-apt-row\">\n\t\t\t<div class=\"qode-apt-item-title\">\n\t\t\t\t12h15-14h\t\t\t<\/div>\n\t\t\t<div class=\"qode-apt-item-price\">\n\t\t\t\tPAUSE DEJEUNER 1h45\t\t\t<\/div>\n\t\t<\/div>\n\t\t\t<div class=\"qode-apt-items qode-apt-row\">\n\t\t\t<div class=\"qode-apt-item-title\">\n\t\t\t\t14h-15h\t\t\t<\/div>\n\t\t\t<div class=\"qode-apt-item-price\">\n\t\t\t\tIls changent l\u2019\u00e9cole\t\t\t<\/div>\n\t\t<\/div>\n\t\t\t<div class=\"qode-apt-items qode-apt-row\">\n\t\t\t<div class=\"qode-apt-item-title\">\n\t\t\t\t15h15-16h15\t\t\t<\/div>\n\t\t\t<div class=\"qode-apt-item-price\">\n\t\t\t\tApport des neurosciences affectives et sociales dans l\u2019\u00e9ducation\t\t\t<\/div>\n\t\t<\/div>\n\t\t\t<div class=\"qode-apt-items qode-apt-row\">\n\t\t\t<div class=\"qode-apt-item-title\">\n\t\t\t\t16h15-16h45\t\t\t<\/div>\n\t\t\t<div class=\"qode-apt-item-price\">\n\t\t\t\tPAUSE 30min\t\t\t<\/div>\n\t\t<\/div>\n\t\t\t<div class=\"qode-apt-items qode-apt-row\">\n\t\t\t<div class=\"qode-apt-item-title\">\n\t\t\t\t16h45-17h45\t\t\t<\/div>\n\t\t\t<div class=\"qode-apt-item-price\">\n\t\t\t\tBien se conna\u00eetre pour bien s\u2019orienter\t\t\t<\/div>\n\t\t<\/div>\n\t\t\t<div class=\"qode-apt-items qode-apt-row\">\n\t\t\t<div class=\"qode-apt-item-title\">\n\t\t\t\t18h-19h\t\t\t<\/div>\n\t\t\t<div class=\"qode-apt-item-price\">\n\t\t\t\tR\u00e9enchantons l\u2019\u00e9ducation, osons la joie !\t\t\t<\/div>\n\t\t<\/div>\n\t\t\t<\/div>\t\t\t\t<\/div>\n\t\t\t\t<\/div>\n\t\t\t\t\t<\/div>\n\t\t<\/div>\n\t\t\t\t<div class=\"elementor-column elementor-col-50 elementor-inner-column elementor-element elementor-element-7dc6a87\" data-id=\"7dc6a87\" data-element_type=\"column\" data-e-type=\"column\">\n\t\t\t<div class=\"elementor-widget-wrap elementor-element-populated\">\n\t\t\t\t\t\t<div class=\"elementor-element elementor-element-43f0436 elementor-widget elementor-widget-bridge_advanced_pricing_table\" data-id=\"43f0436\" data-element_type=\"widget\" data-e-type=\"widget\" data-widget_type=\"bridge_advanced_pricing_table.default\">\n\t\t\t\t<div class=\"elementor-widget-container\">\n\t\t\t\t\t<div class=\"qode-advanced-pricing-table\">\n\t<div class=\"qode-apt-header qode-apt-row\">\n\t\t<div class=\"qode-apt-title-holder\">\n\t\t\t<h4 class=\"qode-apt-title\">\n\t\t\t\tDimanche\t\t\t<\/h4>\n\t\t<\/div>\n\t\t<div class=\"qode-apt-column-title-holder\">\n\t\t\t<h4 class=\"qode-apt-title\">\n\t\t\t\t\t\t\t<\/h4>\n\t\t<\/div>\n\t<\/div>\n\t\t\t<div class=\"qode-apt-items qode-apt-row\">\n\t\t\t<div class=\"qode-apt-item-title\">\n\t\t\t\t8h30\t\t\t<\/div>\n\t\t\t<div class=\"qode-apt-item-price\">\n\t\t\t\tACCUEIL DU PUBLIC ET OUVERTURE DES STANDS\t\t\t<\/div>\n\t\t<\/div>\n\t\t\t<div class=\"qode-apt-items qode-apt-row\">\n\t\t\t<div class=\"qode-apt-item-title\">\n\t\t\t\t9h15-10h15\t\t\t<\/div>\n\t\t\t<div class=\"qode-apt-item-price\">\n\t\t\t\tEt nous, qui nous \u00e9coute ?\t\t\t<\/div>\n\t\t<\/div>\n\t\t\t<div class=\"qode-apt-items qode-apt-row\">\n\t\t\t<div class=\"qode-apt-item-title\">\n\t\t\t\t10h30-11h30\t\t\t<\/div>\n\t\t\t<div class=\"qode-apt-item-price\">\n\t\t\t\tDes racines pour se d\u00e9ployer\t\t\t<\/div>\n\t\t<\/div>\n\t\t\t<div class=\"qode-apt-items qode-apt-row\">\n\t\t\t<div class=\"qode-apt-item-title\">\n\t\t\t\t11h30-12h\t\t\t<\/div>\n\t\t\t<div class=\"qode-apt-item-price\">\n\t\t\t\tPAUSE 30min\t\t\t<\/div>\n\t\t<\/div>\n\t\t\t<div class=\"qode-apt-items qode-apt-row\">\n\t\t\t<div class=\"qode-apt-item-title\">\n\t\t\t\t12h-13h\t\t\t<\/div>\n\t\t\t<div class=\"qode-apt-item-price\">\n\t\t\t\tD\u00e9velopper la conscience \u00e9motionnelle\t\t\t<\/div>\n\t\t<\/div>\n\t\t\t<div class=\"qode-apt-items qode-apt-row\">\n\t\t\t<div class=\"qode-apt-item-title\">\n\t\t\t\t13h-14h45\t\t\t<\/div>\n\t\t\t<div class=\"qode-apt-item-price\">\n\t\t\t\tPAUSE DEJEUNER 1h45\t\t\t<\/div>\n\t\t<\/div>\n\t\t\t<div class=\"qode-apt-items qode-apt-row\">\n\t\t\t<div class=\"qode-apt-item-title\">\n\t\t\t\t14h45-15h45\t\t\t<\/div>\n\t\t\t<div class=\"qode-apt-item-price\">\n\t\t\t\tA l\u2019\u00e9cole du dehors\t\t\t<\/div>\n\t\t<\/div>\n\t\t\t<div class=\"qode-apt-items qode-apt-row\">\n\t\t\t<div class=\"qode-apt-item-title\">\n\t\t\t\t16h-17h\t\t\t<\/div>\n\t\t\t<div class=\"qode-apt-item-price\">\n\t\t\t\tPosture carr\u00e9e et posture ronde\t\t\t<\/div>\n\t\t<\/div>\n\t\t\t<div class=\"qode-apt-items qode-apt-row\">\n\t\t\t<div class=\"qode-apt-item-title\">\n\t\t\t\t17h-17h30\t\t\t<\/div>\n\t\t\t<div class=\"qode-apt-item-price\">\n\t\t\t\tPAUSE 30min\t\t\t<\/div>\n\t\t<\/div>\n\t\t\t<div class=\"qode-apt-items qode-apt-row\">\n\t\t\t<div class=\"qode-apt-item-title\">\n\t\t\t\t17h30-18h30\t\t\t<\/div>\n\t\t\t<div class=\"qode-apt-item-price\">\n\t\t\t\tTous enfants, tous diff\u00e9rents !\t\t\t<\/div>\n\t\t<\/div>\n\t\t\t<div class=\"qode-apt-items qode-apt-row\">\n\t\t\t<div class=\"qode-apt-item-title\">\n\t\t\t\t18h30-19h00\t\t\t<\/div>\n\t\t\t<div class=\"qode-apt-item-price\">\n\t\t\t\tMot de cl\u00f4ture du congr\u00e8s\t\t\t<\/div>\n\t\t<\/div>\n\t\t\t<\/div>\t\t\t\t<\/div>\n\t\t\t\t<\/div>\n\t\t\t\t\t<\/div>\n\t\t<\/div>\n\t\t\t\t\t<\/div>\n\t\t<\/section>\n\t\t\t\t<div class=\"elementor-element elementor-element-8f21f0a elementor-widget elementor-widget-spacer\" data-id=\"8f21f0a\" data-element_type=\"widget\" data-e-type=\"widget\" data-widget_type=\"spacer.default\">\n\t\t\t\t<div class=\"elementor-widget-container\">\n\t\t\t\t\t\t\t<div class=\"elementor-spacer\">\n\t\t\t<div class=\"elementor-spacer-inner\"><\/div>\n\t\t<\/div>\n\t\t\t\t\t\t<\/div>\n\t\t\t\t<\/div>\n\t\t\t\t<div class=\"elementor-element elementor-element-18e9ee7 elementor-widget elementor-widget-menu-anchor\" data-id=\"18e9ee7\" data-element_type=\"widget\" data-e-type=\"widget\" data-widget_type=\"menu-anchor.default\">\n\t\t\t\t<div class=\"elementor-widget-container\">\n\t\t\t\t\t\t\t<div class=\"elementor-menu-anchor\" id=\"tarifs\"><\/div>\n\t\t\t\t\t\t<\/div>\n\t\t\t\t<\/div>\n\t\t\t\t<div class=\"elementor-element elementor-element-8034842 elementor-widget elementor-widget-text-editor\" data-id=\"8034842\" data-element_type=\"widget\" data-e-type=\"widget\" data-widget_type=\"text-editor.default\">\n\t\t\t\t<div class=\"elementor-widget-container\">\n\t\t\t\t\t\t\t\t\t<h3>Tarifs<\/h3>\t\t\t\t\t\t\t\t<\/div>\n\t\t\t\t<\/div>\n\t\t\t\t<div class=\"elementor-element elementor-element-5ee2574 elementor-widget elementor-widget-text-editor\" data-id=\"5ee2574\" data-element_type=\"widget\" data-e-type=\"widget\" data-widget_type=\"text-editor.default\">\n\t\t\t\t<div class=\"elementor-widget-container\">\n\t\t\t\t\t\t\t\t\t<p>La r\u00e9servation des places se fait en ligne.<br \/>Rendez-vous dans l&#8217;onglet &#8220;r\u00e9servation&#8221; ou ci-dessous.<\/p><p>\u00a0<\/p><p>Entr\u00e9e 1 jour : 27 euros<br \/>Entr\u00e9e 1 jour, tarif r\u00e9duit : 10 euros<\/p><p><span style=\"color: #999999;\">(sur pr\u00e9sentation d&#8217;un justificatif \u00e0 l&#8217;entr\u00e9e : \u00e9tudiant, moins de 26 ans, demandeur d&#8217;emploi)<\/span><\/p><p>Pass 2 jours : 50 euros<\/p><p>\u00a0<\/p><p><strong style=\"color: #5a0e5b;\">A NOTER : <\/strong><\/p><p>En cas d&#8217;annulation ou de report du congr\u00e8s, l&#8217;int\u00e9gralit\u00e9 du prix de votre place vous sera rembours\u00e9e. En dehors de ces cas, aucun remboursement ne pourra \u00eatre effectu\u00e9.<\/p><p>Le congr\u00e8s est organis\u00e9 b\u00e9n\u00e9volement par les membres de l\u2019association InnA\u00c9 et les b\u00e9n\u00e9fices \u00e9ventuels financeront des projets \u00e9ducatifs locaux.<\/p>\t\t\t\t\t\t\t\t<\/div>\n\t\t\t\t<\/div>\n\t\t\t\t<div class=\"elementor-element elementor-element-39bc162 elementor-widget elementor-widget-html\" data-id=\"39bc162\" data-element_type=\"widget\" data-e-type=\"widget\" data-widget_type=\"html.default\">\n\t\t\t\t<div class=\"elementor-widget-container\">\n\t\t\t\t\t<iframe id=\"haWidget\" allowtransparency=\"true\" scrolling=\"auto\" src=\"https:\/\/www.helloasso.com\/associations\/innov-actions-educatives\/evenements\/au-c-ur-de-l-education\/widget\" style=\"width: 100%; height: 1050px; border: none;\" onload=\"window.scroll(0, this.offsetTop)\"><\/iframe>\t\t\t\t<\/div>\n\t\t\t\t<\/div>\n\t\t\t\t<div class=\"elementor-element elementor-element-911c815 elementor-widget-divider--view-line elementor-widget elementor-widget-divider\" data-id=\"911c815\" data-element_type=\"widget\" data-e-type=\"widget\" data-widget_type=\"divider.default\">\n\t\t\t\t<div class=\"elementor-widget-container\">\n\t\t\t\t\t\t\t<div class=\"elementor-divider\">\n\t\t\t<span class=\"elementor-divider-separator\">\n\t\t\t\t\t\t<\/span>\n\t\t<\/div>\n\t\t\t\t\t\t<\/div>\n\t\t\t\t<\/div>\n\t\t\t\t<div class=\"elementor-element elementor-element-88b7e86 elementor-widget elementor-widget-menu-anchor\" data-id=\"88b7e86\" data-element_type=\"widget\" data-e-type=\"widget\" data-widget_type=\"menu-anchor.default\">\n\t\t\t\t<div class=\"elementor-widget-container\">\n\t\t\t\t\t\t\t<div class=\"elementor-menu-anchor\" id=\"conferences\"><\/div>\n\t\t\t\t\t\t<\/div>\n\t\t\t\t<\/div>\n\t\t\t\t<div class=\"elementor-element elementor-element-5961f8a elementor-widget elementor-widget-text-editor\" data-id=\"5961f8a\" data-element_type=\"widget\" data-e-type=\"widget\" data-widget_type=\"text-editor.default\">\n\t\t\t\t<div class=\"elementor-widget-container\">\n\t\t\t\t\t\t\t\t\t<h3>Conf\u00e9rences num\u00e9riques<\/h3><p>Les conf\u00e9rences seront film\u00e9es par des vid\u00e9astes professionnels. Si vous ne pouvez pas venir, si vous souhaitez revivre ces riches moments, ou les offrir \u00e0 un proche, r\u00e9servez les vid\u00e9os d\u00e8s maintenant !<\/p><p>La r\u00e9servation des conf\u00e9rences au format num\u00e9rique se fait uniquement en ligne (ci-dessous).<\/p><p><strong>A NOTER : <\/strong><\/p><p>En cas d\u2019annulation ou de report du congr\u00e8s, l\u2019int\u00e9gralit\u00e9 du prix de la r\u00e9servation des conf\u00e9rences en num\u00e9rique vous sera rembours\u00e9e. En dehors de ces cas, aucun remboursement ne pourra \u00eatre effectu\u00e9.<\/p><p>Le congr\u00e8s est organis\u00e9 b\u00e9n\u00e9volement par les membres de l&#8217;association InnA\u00c9 et les b\u00e9n\u00e9fices \u00e9ventuels financeront des projets \u00e9ducatifs locaux.<\/p>\t\t\t\t\t\t\t\t<\/div>\n\t\t\t\t<\/div>\n\t\t\t\t<div class=\"elementor-element elementor-element-6e5689d elementor-widget elementor-widget-html\" data-id=\"6e5689d\" data-element_type=\"widget\" data-e-type=\"widget\" data-widget_type=\"html.default\">\n\t\t\t\t<div class=\"elementor-widget-container\">\n\t\t\t\t\t<iframe id=\"haWidget\" src=\"https:\/\/www.helloasso.com\/associations\/innov-actions-educatives\/paiements\/acheter-les-12-conferences-du-congres-au-coeur-de-l-education-octobre-2021\/widget\" style=\"width: 100%; height: 550px; border: none;\" scrolling=\"auto\" ><\/iframe>\t\t\t\t<\/div>\n\t\t\t\t<\/div>\n\t\t\t\t<div class=\"elementor-element elementor-element-c45f8f4 elementor-widget elementor-widget-spacer\" data-id=\"c45f8f4\" data-element_type=\"widget\" data-e-type=\"widget\" data-widget_type=\"spacer.default\">\n\t\t\t\t<div class=\"elementor-widget-container\">\n\t\t\t\t\t\t\t<div class=\"elementor-spacer\">\n\t\t\t<div class=\"elementor-spacer-inner\"><\/div>\n\t\t<\/div>\n\t\t\t\t\t\t<\/div>\n\t\t\t\t<\/div>\n\t\t\t\t<div class=\"elementor-element elementor-element-eb2fd36 elementor-widget elementor-widget-menu-anchor\" data-id=\"eb2fd36\" data-element_type=\"widget\" data-e-type=\"widget\" data-widget_type=\"menu-anchor.default\">\n\t\t\t\t<div class=\"elementor-widget-container\">\n\t\t\t\t\t\t\t<div class=\"elementor-menu-anchor\" id=\"repas\"><\/div>\n\t\t\t\t\t\t<\/div>\n\t\t\t\t<\/div>\n\t\t\t\t<div class=\"elementor-element elementor-element-d1bb8e0 elementor-widget elementor-widget-text-editor\" data-id=\"d1bb8e0\" data-element_type=\"widget\" data-e-type=\"widget\" data-widget_type=\"text-editor.default\">\n\t\t\t\t<div class=\"elementor-widget-container\">\n\t\t\t\t\t\t\t\t\t<h3>Repas et collations<\/h3>\t\t\t\t\t\t\t\t<\/div>\n\t\t\t\t<\/div>\n\t\t\t\t<div class=\"elementor-element elementor-element-7b3dd68 elementor-widget elementor-widget-text-editor\" data-id=\"7b3dd68\" data-element_type=\"widget\" data-e-type=\"widget\" data-widget_type=\"text-editor.default\">\n\t\t\t\t<div class=\"elementor-widget-container\">\n\t\t\t\t\t\t\t\t\t<p>Tout au long du congr\u00e8s, <strong>une buvette<\/strong> sera \u00e0 votre disposition dans la salle. Elle sera g\u00e9r\u00e9e par le club service bisontin <em>Kiwanis<\/em> et les b\u00e9n\u00e9fices \u00e9ventuels serviront \u00e0 financer des actions \u00e9ducatives en partenariat avec l\u2019association InnA\u00c9.<\/p><p>\u00a0<\/p><p>Il n\u2019y aura pas de restauration dans la salle. Les participants sont donc invit\u00e9s \u00e0 prendre leur repas \u00e0 l\u2019ext\u00e9rieur du Kursaal, dans une des nombreuses propositions habituelles du centre-ville. N\u00e9anmoins, pour vous organiser plus facilement,<strong> le traiteur <em>Carte Blanche<\/em><\/strong> installera son camion tout sp\u00e9cialement pour les participants au congr\u00e8s juste en face de la salle.<\/p><p>\u00a0<\/p><p>Ce traiteur propose une cuisine coop\u00e9rative saine, durable et \u00e9thique (cf www.reseaucarteblanche.fr\/). Ses choix de produits essentiellement bio et locaux nous ont s\u00e9duit. Nous leur faisons confiance pour vous servir un bon repas \u00e0 emporter dans des conditions faciles et rapides ! Ils vous proposeront aussi de v\u00e9ritables <strong>cr\u00eapes bretonnes les apr\u00e8s-midis<\/strong> !<\/p><p>\u00a0<\/p><p><strong>A NOTER : <\/strong><\/p><div class=\"GeneratedContent\"><p>Pour \u00e9viter tout gaspillage, le traiteur cuisinera le nombre de repas pr\u00e9-r\u00e9serv\u00e9s en ligne uniquement, vous n\u2019aurez donc pas la possibilit\u00e9 d\u2019acheter un repas non r\u00e9serv\u00e9 sur place le jour m\u00eame.<\/p><p>En cas d\u2019annulation ou de report du congr\u00e8s, l\u2019int\u00e9gralit\u00e9 du prix de la r\u00e9servation des repas vous sera rembours\u00e9e.<\/p><\/div>\t\t\t\t\t\t\t\t<\/div>\n\t\t\t\t<\/div>\n\t\t\t\t<div class=\"elementor-element elementor-element-f6e5fc6 elementor-widget elementor-widget-html\" data-id=\"f6e5fc6\" data-element_type=\"widget\" data-e-type=\"widget\" data-widget_type=\"html.default\">\n\t\t\t\t<div class=\"elementor-widget-container\">\n\t\t\t\t\t<iframe id=\"haWidget\" allowtransparency=\"true\" scrolling=\"auto\" src=\"https:\/\/www.helloasso.com\/associations\/innov-actions-educatives\/evenements\/reservez-votre-repas-pour-8-50\/widget\" style=\"width: 100%; height: 850px; border: none;\" onload=\"window.scroll(0, this.offsetTop)\"><\/iframe>\t\t\t\t<\/div>\n\t\t\t\t<\/div>\n\t\t\t\t\t<\/div>\n\t\t<\/div>\n\t\t\t\t\t<\/div>\n\t\t<\/section>\n\t\t\t\t<\/div>\n\t\t","protected":false},"excerpt":{"rendered":"<p>Date Samedi 16 et dimanche 17 octobre 2021 \u00a0 Remarque &#8220;situation sanitaire&#8221; : l\u2019acc\u00e8s au congr\u00e8s suivra les r\u00e9glementations sanitaires en vigueur \u00e0 cette date. Dans les conditions actuelles, l\u2019entr\u00e9e sera soumise \u00e0 la pr\u00e9sentation d&#8217;un pass sanitaire (test n\u00e9gatif, certificat de r\u00e9tablissement, ou vaccination&#8230;<\/p>\n","protected":false},"author":1,"featured_media":0,"parent":0,"menu_order":0,"comment_status":"closed","ping_status":"closed","template":"full_width.php","meta":{"footnotes":""},"class_list":["post-607","page","type-page","status-publish","hentry"],"_links":{"self":[{"href":"https:\/\/asso-innae.fr\/index.php?rest_route=\/wp\/v2\/pages\/607","targetHints":{"allow":["GET"]}}],"collection":[{"href":"https:\/\/asso-innae.fr\/index.php?rest_route=\/wp\/v2\/pages"}],"about":[{"href":"https:\/\/asso-innae.fr\/index.php?rest_route=\/wp\/v2\/types\/page"}],"author":[{"embeddable":true,"href":"https:\/\/asso-innae.fr\/index.php?rest_route=\/wp\/v2\/users\/1"}],"replies":[{"embeddable":true,"href":"https:\/\/asso-innae.fr\/index.php?rest_route=%2Fwp%2Fv2%2Fcomments&post=607"}],"version-history":[{"count":126,"href":"https:\/\/asso-innae.fr\/index.php?rest_route=\/wp\/v2\/pages\/607\/revisions"}],"predecessor-version":[{"id":2650,"href":"https:\/\/asso-innae.fr\/index.php?rest_route=\/wp\/v2\/pages\/607\/revisions\/2650"}],"wp:attachment":[{"href":"https:\/\/asso-innae.fr\/index.php?rest_route=%2Fwp%2Fv2%2Fmedia&parent=607"}],"curies":[{"name":"wp","href":"https:\/\/api.w.org\/{rel}","templated":true}]}}