{"id":2025,"date":"2022-04-14T09:38:43","date_gmt":"2022-04-14T07:38:43","guid":{"rendered":"https:\/\/asso-innae.fr\/?page_id=2025"},"modified":"2026-09-06T08:57:57","modified_gmt":"2026-09-06T06:57:57","slug":"boutique","status":"publish","type":"page","link":"https:\/\/asso-innae.fr\/?page_id=2025","title":{"rendered":"Jard&#8217;InnA\u00c9"},"content":{"rendered":"\t\t<div data-elementor-type=\"wp-page\" data-elementor-id=\"2025\" class=\"elementor elementor-2025\">\n\t\t\t\t\t\t<section class=\"elementor-section elementor-top-section elementor-element elementor-element-469fa11 elementor-section-boxed elementor-section-height-default elementor-section-height-default parallax_section_no qode_elementor_container_no\" data-id=\"469fa11\" data-element_type=\"section\" data-e-type=\"section\">\n\t\t\t\t\t\t<div class=\"elementor-container elementor-column-gap-default\">\n\t\t\t\t\t<div class=\"elementor-column elementor-col-100 elementor-top-column elementor-element elementor-element-d9fb747\" data-id=\"d9fb747\" data-element_type=\"column\" data-e-type=\"column\">\n\t\t\t<div class=\"elementor-widget-wrap elementor-element-populated\">\n\t\t\t\t\t\t<div class=\"elementor-element elementor-element-7cc1379 elementor-widget elementor-widget-spacer\" data-id=\"7cc1379\" data-element_type=\"widget\" data-e-type=\"widget\" data-widget_type=\"spacer.default\">\n\t\t\t\t<div class=\"elementor-widget-container\">\n\t\t\t\t\t\t\t<div class=\"elementor-spacer\">\n\t\t\t<div class=\"elementor-spacer-inner\"><\/div>\n\t\t<\/div>\n\t\t\t\t\t\t<\/div>\n\t\t\t\t<\/div>\n\t\t\t\t\t<\/div>\n\t\t<\/div>\n\t\t\t\t\t<\/div>\n\t\t<\/section>\n\t\t\t\t<section class=\"elementor-section elementor-top-section elementor-element elementor-element-7c9362f elementor-section-boxed elementor-section-height-default elementor-section-height-default parallax_section_no qode_elementor_container_no\" data-id=\"7c9362f\" data-element_type=\"section\" data-e-type=\"section\">\n\t\t\t\t\t\t<div class=\"elementor-container elementor-column-gap-default\">\n\t\t\t\t\t<div class=\"elementor-column elementor-col-100 elementor-top-column elementor-element elementor-element-e05eb91\" data-id=\"e05eb91\" data-element_type=\"column\" data-e-type=\"column\">\n\t\t\t<div class=\"elementor-widget-wrap elementor-element-populated\">\n\t\t\t\t\t\t<section class=\"elementor-section elementor-inner-section elementor-element elementor-element-79ab007 elementor-section-boxed elementor-section-height-default elementor-section-height-default parallax_section_no qode_elementor_container_no\" data-id=\"79ab007\" data-element_type=\"section\" data-e-type=\"section\">\n\t\t\t\t\t\t<div class=\"elementor-container elementor-column-gap-default\">\n\t\t\t\t\t<div class=\"elementor-column elementor-col-100 elementor-inner-column elementor-element elementor-element-64570e8\" data-id=\"64570e8\" data-element_type=\"column\" data-e-type=\"column\">\n\t\t\t<div class=\"elementor-widget-wrap elementor-element-populated\">\n\t\t\t\t\t\t<div class=\"elementor-element elementor-element-087433a elementor-widget elementor-widget-heading\" data-id=\"087433a\" data-element_type=\"widget\" data-e-type=\"widget\" data-widget_type=\"heading.default\">\n\t\t\t\t<div class=\"elementor-widget-container\">\n\t\t\t\t\t<h1 class=\"elementor-heading-title elementor-size-default\">CONFERENCE <\/h1>\t\t\t\t<\/div>\n\t\t\t\t<\/div>\n\t\t\t\t\t<\/div>\n\t\t<\/div>\n\t\t\t\t\t<\/div>\n\t\t<\/section>\n\t\t\t\t<div class=\"elementor-element elementor-element-6cc2fd0 elementor-widget elementor-widget-heading\" data-id=\"6cc2fd0\" data-element_type=\"widget\" data-e-type=\"widget\" data-widget_type=\"heading.default\">\n\t\t\t\t<div class=\"elementor-widget-container\">\n\t\t\t\t\t<h2 class=\"elementor-heading-title elementor-size-default\">S'IL TE PLAIT, DESSINE MOI UN ADULTE ! :                                        ETRE HUMAIN DANS L'EDUCATION      \n     <\/h2>\t\t\t\t<\/div>\n\t\t\t\t<\/div>\n\t\t\t\t<section class=\"elementor-section elementor-inner-section elementor-element elementor-element-d6f2377 elementor-section-boxed elementor-section-height-default elementor-section-height-default parallax_section_no qode_elementor_container_no\" data-id=\"d6f2377\" data-element_type=\"section\" data-e-type=\"section\">\n\t\t\t\t\t\t<div class=\"elementor-container elementor-column-gap-default\">\n\t\t\t\t\t<div class=\"elementor-column elementor-col-50 elementor-inner-column elementor-element elementor-element-e9dfa39\" data-id=\"e9dfa39\" data-element_type=\"column\" data-e-type=\"column\">\n\t\t\t<div class=\"elementor-widget-wrap elementor-element-populated\">\n\t\t\t\t\t\t<div class=\"elementor-element elementor-element-d0fb97d elementor-widget elementor-widget-image\" data-id=\"d0fb97d\" data-element_type=\"widget\" data-e-type=\"widget\" data-widget_type=\"image.default\">\n\t\t\t\t<div class=\"elementor-widget-container\">\n\t\t\t\t\t\t\t\t\t\t\t\t\t\t\t<img fetchpriority=\"high\" decoding=\"async\" width=\"1024\" height=\"576\" src=\"https:\/\/asso-innae.fr\/wp-content\/uploads\/2026\/09\/Jean-Luc-Tournier-\ufffdtre-adulte-dans-l\ufffdducation-1024x576.png\" class=\"attachment-large size-large wp-image-4670\" alt=\"\" srcset=\"https:\/\/asso-innae.fr\/wp-content\/uploads\/2026\/09\/Jean-Luc-Tournier-\ufffdtre-adulte-dans-l\ufffdducation-1024x576.png 1024w, https:\/\/asso-innae.fr\/wp-content\/uploads\/2026\/09\/Jean-Luc-Tournier-\ufffdtre-adulte-dans-l\ufffdducation-300x169.png 300w, https:\/\/asso-innae.fr\/wp-content\/uploads\/2026\/09\/Jean-Luc-Tournier-\ufffdtre-adulte-dans-l\ufffdducation-768x432.png 768w, https:\/\/asso-innae.fr\/wp-content\/uploads\/2026\/09\/Jean-Luc-Tournier-\ufffdtre-adulte-dans-l\ufffdducation-1536x864.png 1536w, https:\/\/asso-innae.fr\/wp-content\/uploads\/2026\/09\/Jean-Luc-Tournier-\ufffdtre-adulte-dans-l\ufffdducation-700x394.png 700w, https:\/\/asso-innae.fr\/wp-content\/uploads\/2026\/09\/Jean-Luc-Tournier-\ufffdtre-adulte-dans-l\ufffdducation-539x303.png 539w, https:\/\/asso-innae.fr\/wp-content\/uploads\/2026\/09\/Jean-Luc-Tournier-\ufffdtre-adulte-dans-l\ufffdducation.png 1920w\" sizes=\"(max-width: 1024px) 100vw, 1024px\" \/>\t\t\t\t\t\t\t\t\t\t\t\t\t\t\t<\/div>\n\t\t\t\t<\/div>\n\t\t\t\t\t<\/div>\n\t\t<\/div>\n\t\t\t\t<div class=\"elementor-column elementor-col-50 elementor-inner-column elementor-element elementor-element-d4faea0\" data-id=\"d4faea0\" data-element_type=\"column\" data-e-type=\"column\">\n\t\t\t<div class=\"elementor-widget-wrap elementor-element-populated\">\n\t\t\t\t\t\t<div class=\"elementor-element elementor-element-05658e5 elementor-widget elementor-widget-text-editor\" data-id=\"05658e5\" data-element_type=\"widget\" data-e-type=\"widget\" data-widget_type=\"text-editor.default\">\n\t\t\t\t<div class=\"elementor-widget-container\">\n\t\t\t\t\t\t\t\t\t<p><span style=\"caret-color: #5a0e5b; color: #5a0e5b; font-family: Oswald, sans-serif; font-size: 24px; letter-spacing: -0.30000001192092896px; background-color: #ffffff;\">Date et heure :\u00a0<\/span><span data-sheets-root=\"1\">Vendredi 23 Octobre &#8211; 20h<\/span><\/p><p><em>Ouverture de la salle \u00e0 19h30<\/em><\/p><p><span style=\"caret-color: #5a0e5b; color: #5a0e5b; font-family: Oswald, sans-serif; font-size: 24px; letter-spacing: -0.30000001192092896px; background-color: #ffffff;\">Lieu : <\/span><span style=\"background-color: #ffffff; font-family: Arial, sans-serif; font-size: 12pt; white-space: pre-wrap; text-align: justify;\">Petit Kursaal, 2, place du th\u00e9\u00e2tre \u00e0 BESANCON<\/span><\/p><p style=\"text-align: justify;\"><span style=\"caret-color: #5a0e5b; color: #5a0e5b; font-family: Oswald, sans-serif; font-size: 24px; letter-spacing: -0.30000001192092896px; background-color: #ffffff;\">Tarifs :\u00a0<\/span><\/p><p style=\"text-align: justify;\">Tarif r\u00e9duit : 6 \u20ac (sur pr\u00e9sentation d\u2019un justificatif \u00e0 l\u2019entr\u00e9e : \u00e9tudiants, moins de 26 ans, demandeurs d\u2019emploi)<\/p><p>Plein tarif : 10 \u20ac<\/p><p>R\u00e9servation possible sur place dans la limite des places disponibles<\/p>\t\t\t\t\t\t\t\t<\/div>\n\t\t\t\t<\/div>\n\t\t\t\t\t<\/div>\n\t\t<\/div>\n\t\t\t\t\t<\/div>\n\t\t<\/section>\n\t\t\t\t<section class=\"elementor-section elementor-inner-section elementor-element elementor-element-f506a42 elementor-section-boxed elementor-section-height-default elementor-section-height-default parallax_section_no qode_elementor_container_no\" data-id=\"f506a42\" data-element_type=\"section\" data-e-type=\"section\">\n\t\t\t\t\t\t<div class=\"elementor-container elementor-column-gap-default\">\n\t\t\t\t\t<div class=\"elementor-column elementor-col-50 elementor-inner-column elementor-element elementor-element-c16db31\" data-id=\"c16db31\" data-element_type=\"column\" data-e-type=\"column\">\n\t\t\t<div class=\"elementor-widget-wrap elementor-element-populated\">\n\t\t\t\t\t\t<div class=\"elementor-element elementor-element-b09c4a4 elementor-widget elementor-widget-image\" data-id=\"b09c4a4\" data-element_type=\"widget\" data-e-type=\"widget\" data-widget_type=\"image.default\">\n\t\t\t\t<div class=\"elementor-widget-container\">\n\t\t\t\t\t\t\t\t\t\t\t\t\t\t\t<img decoding=\"async\" width=\"150\" height=\"150\" src=\"https:\/\/asso-innae.fr\/wp-content\/uploads\/2026\/09\/1-150x150.png\" class=\"attachment-thumbnail size-thumbnail wp-image-4664\" alt=\"\" srcset=\"https:\/\/asso-innae.fr\/wp-content\/uploads\/2026\/09\/1-150x150.png 150w, https:\/\/asso-innae.fr\/wp-content\/uploads\/2026\/09\/1-300x300.png 300w, https:\/\/asso-innae.fr\/wp-content\/uploads\/2026\/09\/1-768x768.png 768w, https:\/\/asso-innae.fr\/wp-content\/uploads\/2026\/09\/1-570x570.png 570w, https:\/\/asso-innae.fr\/wp-content\/uploads\/2026\/09\/1-500x500.png 500w, https:\/\/asso-innae.fr\/wp-content\/uploads\/2026\/09\/1-1000x1000.png 1000w, https:\/\/asso-innae.fr\/wp-content\/uploads\/2026\/09\/1-700x700.png 700w, https:\/\/asso-innae.fr\/wp-content\/uploads\/2026\/09\/1.png 1024w\" sizes=\"(max-width: 150px) 100vw, 150px\" \/>\t\t\t\t\t\t\t\t\t\t\t\t\t\t\t<\/div>\n\t\t\t\t<\/div>\n\t\t\t\t\t<\/div>\n\t\t<\/div>\n\t\t\t\t<div class=\"elementor-column elementor-col-50 elementor-inner-column elementor-element elementor-element-af441d6\" data-id=\"af441d6\" data-element_type=\"column\" data-e-type=\"column\">\n\t\t\t<div class=\"elementor-widget-wrap elementor-element-populated\">\n\t\t\t\t\t\t<div class=\"elementor-element elementor-element-cad8a64 elementor-widget__width-initial elementor-widget elementor-widget-text-editor\" data-id=\"cad8a64\" data-element_type=\"widget\" data-e-type=\"widget\" data-widget_type=\"text-editor.default\">\n\t\t\t\t<div class=\"elementor-widget-container\">\n\t\t\t\t\t\t\t\t\t<p style=\"color: #5a0e5b;\"><span style=\"color: #800080;\"><span style=\"caret-color: #000000; font-size: 12pt; font-family: Arial, sans-serif; background-color: #ffffff; font-style: italic; font-variant-ligatures: normal; font-variant-east-asian: normal; font-variant-position: normal; white-space: pre-wrap;\"><span style=\"font-style: normal; white-space: normal;\">\u00a0<\/span><\/span><span style=\"letter-spacing: -0.3px; font-family: Oswald, sans-serif; font-size: 24px; color: #5a0e5b;\">Pr\u00e9sentation de Jean Luc TOURNIER <br \/><\/span><\/span><span data-sheets-root=\"1\">Jean-Luc Tournier est psychosociologue et psychoth\u00e9rapeute. Consultant en organisations, il intervient \u00e9galement dans le sport professionnel et est auteur. Les questions d&#8217;\u00e9ducation occupent une place centrale dans son travail d&#8217;accompagnement et ses publications.<\/span><\/p>\t\t\t\t\t\t\t\t<\/div>\n\t\t\t\t<\/div>\n\t\t\t\t\t<\/div>\n\t\t<\/div>\n\t\t\t\t\t<\/div>\n\t\t<\/section>\n\t\t\t\t<div class=\"elementor-element elementor-element-4fbc158 elementor-widget elementor-widget-text-editor\" data-id=\"4fbc158\" data-element_type=\"widget\" data-e-type=\"widget\" data-widget_type=\"text-editor.default\">\n\t\t\t\t<div class=\"elementor-widget-container\">\n\t\t\t\t\t\t\t\t\t<p><span style=\"letter-spacing: -0.3px; font-family: Oswald, sans-serif; font-size: 24px;\"><span style=\"color: #5a0e5b;\">Pr\u00e9sentation de la conf\u00e9rence<\/span><br \/><\/span><\/p><p><span data-sheets-root=\"1\">Dans cette conf\u00e9rence, il est question de l&#8217;adulte dans la dimension \u00e9ducative, qui court de l&#8217;enseignement \u00e0 la relation parentale. Nous verrons ensemble en quoi consiste concr\u00e8tement une posture adulte qui aide \u00e0 grandir, qui donne le go\u00fbt de vivre et qui permet de faire face \u00e0 la r\u00e9alit\u00e9. Bien loin d&#8217;une le\u00e7on, une rencontre avec ce qui vous anime au plus profond.<\/span><\/p><p><span data-sheets-root=\"1\">\u00a0<\/span><\/p><p><span data-sheets-root=\"1\">Etre adulte dans la relation \u00e9ducative est un chemin \u00e0 parcourir, qui prend en compte des besoins fondamentaux. ce sont pr\u00e9cis\u00e9ment ces besoins que je vais vous pr\u00e9senter et qui sont uniquement couverts par la relation Par ailleurs, ind\u00e9pendamment du lien \u00e0 l&#8217;autre, il s&#8217;agit d&#8217;\u00eatre au clair avec soi-m\u00eame, mais l\u00e0 encore que faut-il entendre par cette expression ? C&#8217;est ce rapport de soi \u00e0 soi que je vais interroger parce qu&#8217;en d\u00e9finitive il n&#8217;y a pas d&#8217;\u00e9ducation vivante si l&#8217;adulte n&#8217;est pas lui-m\u00eame vivant.<\/span><\/p><section style=\"caret-color: #000000; color: #000000;\" data-id=\"27e4f3f\" data-element_type=\"section\"><div data-id=\"4be13f4\" data-element_type=\"column\"><div data-id=\"6b868d8\" data-element_type=\"widget\" data-widget_type=\"text-editor.default\"><div><div>\u00a0<\/div><\/div><\/div><\/div><\/section>\t\t\t\t\t\t\t\t<\/div>\n\t\t\t\t<\/div>\n\t\t\t\t<div class=\"elementor-element elementor-element-21aebe5 elementor-widget elementor-widget-button\" data-id=\"21aebe5\" data-element_type=\"widget\" data-e-type=\"widget\" data-widget_type=\"button.default\">\n\t\t\t\t<div class=\"elementor-widget-container\">\n\t\t\t\t\t\t\t\t\t<div class=\"elementor-button-wrapper\">\n\t\t\t\t\t<a class=\"elementor-button elementor-button-link elementor-size-xl\" href=\"https:\/\/www.helloasso.com\/associations\/innov-actions-educatives\/evenements\/s-il-te-plait-desdessine-moi-un-adulte-etre-humain-dans-l-education\">\n\t\t\t\t\t\t<span class=\"elementor-button-content-wrapper\">\n\t\t\t\t\t\t\t\t\t<span class=\"elementor-button-text\">R\u00e9servez ici votre place \u00e0 la conf\u00e9rence de Jean Luc Tournier<\/span>\n\t\t\t\t\t<\/span>\n\t\t\t\t\t<\/a>\n\t\t\t\t<\/div>\n\t\t\t\t\t\t\t\t<\/div>\n\t\t\t\t<\/div>\n\t\t\t\t<div class=\"elementor-element elementor-element-887032e elementor-widget elementor-widget-spacer\" data-id=\"887032e\" data-element_type=\"widget\" data-e-type=\"widget\" data-widget_type=\"spacer.default\">\n\t\t\t\t<div class=\"elementor-widget-container\">\n\t\t\t\t\t\t\t<div class=\"elementor-spacer\">\n\t\t\t<div class=\"elementor-spacer-inner\"><\/div>\n\t\t<\/div>\n\t\t\t\t\t\t<\/div>\n\t\t\t\t<\/div>\n\t\t\t\t<div class=\"elementor-element elementor-element-3a76401 elementor-widget-divider--view-line elementor-widget elementor-widget-divider\" data-id=\"3a76401\" data-element_type=\"widget\" data-e-type=\"widget\" data-widget_type=\"divider.default\">\n\t\t\t\t<div class=\"elementor-widget-container\">\n\t\t\t\t\t\t\t<div class=\"elementor-divider\">\n\t\t\t<span class=\"elementor-divider-separator\">\n\t\t\t\t\t\t<\/span>\n\t\t<\/div>\n\t\t\t\t\t\t<\/div>\n\t\t\t\t<\/div>\n\t\t\t\t<div class=\"elementor-element elementor-element-e15742e elementor-widget elementor-widget-spacer\" data-id=\"e15742e\" data-element_type=\"widget\" data-e-type=\"widget\" data-widget_type=\"spacer.default\">\n\t\t\t\t<div class=\"elementor-widget-container\">\n\t\t\t\t\t\t\t<div class=\"elementor-spacer\">\n\t\t\t<div class=\"elementor-spacer-inner\"><\/div>\n\t\t<\/div>\n\t\t\t\t\t\t<\/div>\n\t\t\t\t<\/div>\n\t\t\t\t\t<\/div>\n\t\t<\/div>\n\t\t\t\t\t<\/div>\n\t\t<\/section>\n\t\t\t\t<section class=\"elementor-section elementor-top-section elementor-element elementor-element-1fb5312 elementor-section-boxed elementor-section-height-default elementor-section-height-default parallax_section_no qode_elementor_container_no\" data-id=\"1fb5312\" data-element_type=\"section\" data-e-type=\"section\">\n\t\t\t\t\t\t<div class=\"elementor-container elementor-column-gap-default\">\n\t\t\t\t\t<div class=\"elementor-column elementor-col-100 elementor-top-column elementor-element elementor-element-74af0ef\" data-id=\"74af0ef\" data-element_type=\"column\" data-e-type=\"column\">\n\t\t\t<div class=\"elementor-widget-wrap elementor-element-populated\">\n\t\t\t\t\t\t<section class=\"elementor-section elementor-inner-section elementor-element elementor-element-f045089 elementor-section-boxed elementor-section-height-default elementor-section-height-default parallax_section_no qode_elementor_container_no\" data-id=\"f045089\" data-element_type=\"section\" data-e-type=\"section\">\n\t\t\t\t\t\t<div class=\"elementor-container elementor-column-gap-default\">\n\t\t\t\t\t<div class=\"elementor-column elementor-col-100 elementor-inner-column elementor-element elementor-element-401b35d\" data-id=\"401b35d\" data-element_type=\"column\" data-e-type=\"column\">\n\t\t\t<div class=\"elementor-widget-wrap elementor-element-populated\">\n\t\t\t\t\t\t<div class=\"elementor-element elementor-element-a89ebab elementor-widget elementor-widget-heading\" data-id=\"a89ebab\" data-element_type=\"widget\" data-e-type=\"widget\" data-widget_type=\"heading.default\">\n\t\t\t\t<div class=\"elementor-widget-container\">\n\t\t\t\t\t<h1 class=\"elementor-heading-title elementor-size-default\">Atelier<\/h1>\t\t\t\t<\/div>\n\t\t\t\t<\/div>\n\t\t\t\t\t<\/div>\n\t\t<\/div>\n\t\t\t\t\t<\/div>\n\t\t<\/section>\n\t\t\t\t<div class=\"elementor-element elementor-element-a81119f elementor-widget elementor-widget-heading\" data-id=\"a81119f\" data-element_type=\"widget\" data-e-type=\"widget\" data-widget_type=\"heading.default\">\n\t\t\t\t<div class=\"elementor-widget-container\">\n\t\t\t\t\t<h2 class=\"elementor-heading-title elementor-size-default\">D\u00e9velopper nos comp\u00e9tences                                                                            avec l'enfant ou l'ado en crise<b><span style=\"font-size:24.0pt\"><\/span><\/b><b><span style=\"font-size:16.0pt;font-family:Arial\"><\/span><\/b><b><span style=\"font-size:16.0pt\"><\/span><\/b><b><span style=\"font-size:48.0pt;font-family:Arial\"><\/span><\/b><b><span style=\"font-size:48.0pt\"><\/span><\/b><\/h2>\t\t\t\t<\/div>\n\t\t\t\t<\/div>\n\t\t\t\t<section class=\"elementor-section elementor-inner-section elementor-element elementor-element-556ef95 elementor-section-boxed elementor-section-height-default elementor-section-height-default parallax_section_no qode_elementor_container_no\" data-id=\"556ef95\" data-element_type=\"section\" data-e-type=\"section\">\n\t\t\t\t\t\t<div class=\"elementor-container elementor-column-gap-default\">\n\t\t\t\t\t<div class=\"elementor-column elementor-col-50 elementor-inner-column elementor-element elementor-element-5295fc4\" data-id=\"5295fc4\" data-element_type=\"column\" data-e-type=\"column\">\n\t\t\t<div class=\"elementor-widget-wrap elementor-element-populated\">\n\t\t\t\t\t\t<div class=\"elementor-element elementor-element-eff6302 elementor-widget elementor-widget-image\" data-id=\"eff6302\" data-element_type=\"widget\" data-e-type=\"widget\" data-widget_type=\"image.default\">\n\t\t\t\t<div class=\"elementor-widget-container\">\n\t\t\t\t\t\t\t\t\t\t\t\t\t\t\t<img decoding=\"async\" width=\"1024\" height=\"576\" src=\"https:\/\/asso-innae.fr\/wp-content\/uploads\/2026\/09\/St\ufffdphanie-Chaudron-CPS-1024x576.png\" class=\"attachment-large size-large wp-image-4671\" alt=\"\" srcset=\"https:\/\/asso-innae.fr\/wp-content\/uploads\/2026\/09\/St\ufffdphanie-Chaudron-CPS-1024x576.png 1024w, https:\/\/asso-innae.fr\/wp-content\/uploads\/2026\/09\/St\ufffdphanie-Chaudron-CPS-300x169.png 300w, https:\/\/asso-innae.fr\/wp-content\/uploads\/2026\/09\/St\ufffdphanie-Chaudron-CPS-768x432.png 768w, https:\/\/asso-innae.fr\/wp-content\/uploads\/2026\/09\/St\ufffdphanie-Chaudron-CPS-1536x864.png 1536w, https:\/\/asso-innae.fr\/wp-content\/uploads\/2026\/09\/St\ufffdphanie-Chaudron-CPS-700x394.png 700w, https:\/\/asso-innae.fr\/wp-content\/uploads\/2026\/09\/St\ufffdphanie-Chaudron-CPS-539x303.png 539w, https:\/\/asso-innae.fr\/wp-content\/uploads\/2026\/09\/St\ufffdphanie-Chaudron-CPS.png 1920w\" sizes=\"(max-width: 1024px) 100vw, 1024px\" \/>\t\t\t\t\t\t\t\t\t\t\t\t\t\t\t<\/div>\n\t\t\t\t<\/div>\n\t\t\t\t\t<\/div>\n\t\t<\/div>\n\t\t\t\t<div class=\"elementor-column elementor-col-50 elementor-inner-column elementor-element elementor-element-8175772\" data-id=\"8175772\" data-element_type=\"column\" data-e-type=\"column\">\n\t\t\t<div class=\"elementor-widget-wrap elementor-element-populated\">\n\t\t\t\t\t\t<div class=\"elementor-element elementor-element-f02e16b elementor-widget elementor-widget-text-editor\" data-id=\"f02e16b\" data-element_type=\"widget\" data-e-type=\"widget\" data-widget_type=\"text-editor.default\">\n\t\t\t\t<div class=\"elementor-widget-container\">\n\t\t\t\t\t\t\t\t\t<div data-tooltip=\"Champ du nom (Ctrl + J)\" aria-label=\"Champ du nom (Ctrl + J)\"><p>Date et heure : samedi 3 octobre &#8211; 9h\/16h<\/p><p>Lieu : 12, rue la famille BESAN9ON<\/p><p>Tarifs :\u00a0 Gratuit<\/p><p>Inscriptions obligatoires<\/p><\/div>\t\t\t\t\t\t\t\t<\/div>\n\t\t\t\t<\/div>\n\t\t\t\t\t<\/div>\n\t\t<\/div>\n\t\t\t\t\t<\/div>\n\t\t<\/section>\n\t\t\t\t<section class=\"elementor-section elementor-inner-section elementor-element elementor-element-c8d5b9c elementor-section-boxed elementor-section-height-default elementor-section-height-default parallax_section_no qode_elementor_container_no\" data-id=\"c8d5b9c\" data-element_type=\"section\" data-e-type=\"section\">\n\t\t\t\t\t\t<div class=\"elementor-container elementor-column-gap-default\">\n\t\t\t\t\t<div class=\"elementor-column elementor-col-50 elementor-inner-column elementor-element elementor-element-722df12\" data-id=\"722df12\" data-element_type=\"column\" data-e-type=\"column\">\n\t\t\t<div class=\"elementor-widget-wrap elementor-element-populated\">\n\t\t\t\t\t\t<div class=\"elementor-element elementor-element-ee03d3e elementor-widget elementor-widget-image\" data-id=\"ee03d3e\" data-element_type=\"widget\" data-e-type=\"widget\" data-widget_type=\"image.default\">\n\t\t\t\t<div class=\"elementor-widget-container\">\n\t\t\t\t\t\t\t\t\t\t\t\t\t\t\t<img loading=\"lazy\" decoding=\"async\" width=\"150\" height=\"150\" src=\"https:\/\/asso-innae.fr\/wp-content\/uploads\/2026\/02\/GERARD-VALLAT-Gerard-VALLAT-150x150.png\" class=\"attachment-thumbnail size-thumbnail wp-image-4545\" alt=\"\" srcset=\"https:\/\/asso-innae.fr\/wp-content\/uploads\/2026\/02\/GERARD-VALLAT-Gerard-VALLAT-150x150.png 150w, https:\/\/asso-innae.fr\/wp-content\/uploads\/2026\/02\/GERARD-VALLAT-Gerard-VALLAT-570x570.png 570w, https:\/\/asso-innae.fr\/wp-content\/uploads\/2026\/02\/GERARD-VALLAT-Gerard-VALLAT-500x500.png 500w, https:\/\/asso-innae.fr\/wp-content\/uploads\/2026\/02\/GERARD-VALLAT-Gerard-VALLAT-1000x1000.png 1000w\" sizes=\"(max-width: 150px) 100vw, 150px\" \/>\t\t\t\t\t\t\t\t\t\t\t\t\t\t\t<\/div>\n\t\t\t\t<\/div>\n\t\t\t\t\t<\/div>\n\t\t<\/div>\n\t\t\t\t<div class=\"elementor-column elementor-col-50 elementor-inner-column elementor-element elementor-element-25a87af\" data-id=\"25a87af\" data-element_type=\"column\" data-e-type=\"column\">\n\t\t\t<div class=\"elementor-widget-wrap elementor-element-populated\">\n\t\t\t\t\t\t<div class=\"elementor-element elementor-element-fdaa425 elementor-widget__width-initial elementor-widget elementor-widget-text-editor\" data-id=\"fdaa425\" data-element_type=\"widget\" data-e-type=\"widget\" data-widget_type=\"text-editor.default\">\n\t\t\t\t<div class=\"elementor-widget-container\">\n\t\t\t\t\t\t\t\t\t<p style=\"color: #5a0e5b;\"><span style=\"color: #800080;\"><span style=\"caret-color: #000000; font-size: 12pt; font-family: Arial, sans-serif; background-color: #ffffff; font-style: italic; font-variant-ligatures: normal; font-variant-east-asian: normal; font-variant-position: normal; white-space: pre-wrap;\"><span style=\"font-style: normal; white-space: normal;\">\u00a0<\/span><\/span><span style=\"letter-spacing: -0.3px; font-family: Oswald, sans-serif; font-size: 24px; color: #5a0e5b;\">Pr\u00e9sentation de G\u00e9rard VALLAT<\/span><\/span><span style=\"color: #333333;\"><br \/><\/span><\/p><p style=\"color: #5a0e5b;\"><span style=\"color: #333333;\">Psychologue-psychoth\u00e9rapeute . th\u00e9rapeute familial : 5 ans \u00e9ducateur sp\u00e9cialis\u00e9, 7 ans ans:chef de service \u00e9ducatif, 10 ans formateur IRTS Besan\u00e7on; 30 ans psychoth\u00e9rapeute en cabinet lib\u00e9ral, formateurs et superviseur pour groupes de parents, soignants, enseignants, travailleurs sociaux. conf\u00e9rencier pour associations familiales et professionnels.<\/span><br \/><span style=\"color: #000000;\"><br \/><\/span><\/p>\t\t\t\t\t\t\t\t<\/div>\n\t\t\t\t<\/div>\n\t\t\t\t\t<\/div>\n\t\t<\/div>\n\t\t\t\t\t<\/div>\n\t\t<\/section>\n\t\t\t\t<div class=\"elementor-element elementor-element-d269585 elementor-widget elementor-widget-text-editor\" data-id=\"d269585\" data-element_type=\"widget\" data-e-type=\"widget\" data-widget_type=\"text-editor.default\">\n\t\t\t\t<div class=\"elementor-widget-container\">\n\t\t\t\t\t\t\t\t\t<p><span style=\"letter-spacing: -0.3px; font-family: Oswald, sans-serif; font-size: 24px;\"><span style=\"color: #5a0e5b;\">Pr\u00e9sentation de l&#8217;atelier<\/span><\/span><\/p><p><span data-sheets-root=\"1\">Face \u00e0 un enfant ou un adolescent en pleine crise, nous nous trouvons souvent d\u00e9sempar\u00e9s et cela peut nous conduire \u00e0 des r\u00e9actions excessives : retrait \u00e9motionnel, inhibition paralysante, ou \u00e0 l&#8217;inverse, d\u00e9bordements de violence verbale ou physique. Ces r\u00e9ponses, bien que compr\u00e9hensibles, aggravent fr\u00e9quemment la situation et fragilisent le lien \u00e9ducatif au moment pr\u00e9cis o\u00f9 il aurait le plus besoin d&#8217;\u00eatre solide.<br \/>La question centrale est alors : quelles ressources pouvons-nous cultiver pour pr\u00e9venir l&#8217;escalade et \u00e9viter la rupture ? Et surtout, comment faire de la crise non pas un \u00e9chec relationnel, mais une opportunit\u00e9 de r\u00e9\u00e9quilibrage du lien et de soutien \u00e0 l&#8217;autonomie de l&#8217;enfant ou de l&#8217;adolescent ?<br \/><\/span><\/p>\t\t\t\t\t\t\t\t<\/div>\n\t\t\t\t<\/div>\n\t\t\t\t<div class=\"elementor-element elementor-element-8100bf1 elementor-widget elementor-widget-button\" data-id=\"8100bf1\" data-element_type=\"widget\" data-e-type=\"widget\" data-widget_type=\"button.default\">\n\t\t\t\t<div class=\"elementor-widget-container\">\n\t\t\t\t\t\t\t\t\t<div class=\"elementor-button-wrapper\">\n\t\t\t\t\t<a class=\"elementor-button elementor-button-link elementor-size-xl\" href=\"https:\/\/www.helloasso.com\/associations\/innov-actions-educatives\/evenements\/developper-nos-competences-avec-l-enfant-ou-l-ado-en-crise\">\n\t\t\t\t\t\t<span class=\"elementor-button-content-wrapper\">\n\t\t\t\t\t\t\t\t\t<span class=\"elementor-button-text\">R\u00e9servez ici votre place<\/span>\n\t\t\t\t\t<\/span>\n\t\t\t\t\t<\/a>\n\t\t\t\t<\/div>\n\t\t\t\t\t\t\t\t<\/div>\n\t\t\t\t<\/div>\n\t\t\t\t<div class=\"elementor-element elementor-element-2bfedef elementor-widget-divider--view-line elementor-widget elementor-widget-divider\" data-id=\"2bfedef\" data-element_type=\"widget\" data-e-type=\"widget\" data-widget_type=\"divider.default\">\n\t\t\t\t<div class=\"elementor-widget-container\">\n\t\t\t\t\t\t\t<div class=\"elementor-divider\">\n\t\t\t<span class=\"elementor-divider-separator\">\n\t\t\t\t\t\t<\/span>\n\t\t<\/div>\n\t\t\t\t\t\t<\/div>\n\t\t\t\t<\/div>\n\t\t\t\t<div class=\"elementor-element elementor-element-9f1b5f6 elementor-widget elementor-widget-spacer\" data-id=\"9f1b5f6\" data-element_type=\"widget\" data-e-type=\"widget\" data-widget_type=\"spacer.default\">\n\t\t\t\t<div class=\"elementor-widget-container\">\n\t\t\t\t\t\t\t<div class=\"elementor-spacer\">\n\t\t\t<div class=\"elementor-spacer-inner\"><\/div>\n\t\t<\/div>\n\t\t\t\t\t\t<\/div>\n\t\t\t\t<\/div>\n\t\t\t\t\t<\/div>\n\t\t<\/div>\n\t\t\t\t\t<\/div>\n\t\t<\/section>\n\t\t\t\t<section class=\"elementor-section elementor-top-section elementor-element elementor-element-71bb1a4 elementor-section-boxed elementor-section-height-default elementor-section-height-default parallax_section_no qode_elementor_container_no\" data-id=\"71bb1a4\" data-element_type=\"section\" data-e-type=\"section\">\n\t\t\t\t\t\t<div class=\"elementor-container elementor-column-gap-default\">\n\t\t\t\t\t<div class=\"elementor-column elementor-col-100 elementor-top-column elementor-element elementor-element-7a9509f\" data-id=\"7a9509f\" data-element_type=\"column\" data-e-type=\"column\">\n\t\t\t<div class=\"elementor-widget-wrap\">\n\t\t\t\t\t\t\t<\/div>\n\t\t<\/div>\n\t\t\t\t\t<\/div>\n\t\t<\/section>\n\t\t\t\t<section class=\"elementor-section elementor-top-section elementor-element elementor-element-2276315 elementor-section-boxed elementor-section-height-default elementor-section-height-default parallax_section_no qode_elementor_container_no\" data-id=\"2276315\" data-element_type=\"section\" data-e-type=\"section\">\n\t\t\t\t\t\t<div class=\"elementor-container elementor-column-gap-default\">\n\t\t\t\t\t<div class=\"elementor-column elementor-col-100 elementor-top-column elementor-element elementor-element-361531b\" data-id=\"361531b\" data-element_type=\"column\" data-e-type=\"column\">\n\t\t\t<div class=\"elementor-widget-wrap\">\n\t\t\t\t\t\t\t<\/div>\n\t\t<\/div>\n\t\t\t\t\t<\/div>\n\t\t<\/section>\n\t\t\t\t<\/div>\n\t\t","protected":false},"excerpt":{"rendered":"<p>CONFERENCE S&#8217;IL TE PLAIT, DESSINE MOI UN ADULTE ! : ETRE HUMAIN DANS L&#8217;EDUCATION Date et heure :\u00a0Vendredi 23 Octobre &#8211; 20h Ouverture de la salle \u00e0 19h30 Lieu : Petit Kursaal, 2, place du th\u00e9\u00e2tre \u00e0 BESANCON Tarifs :\u00a0 Tarif r\u00e9duit : 6 \u20ac&#8230;<\/p>\n","protected":false},"author":3,"featured_media":0,"parent":0,"menu_order":0,"comment_status":"closed","ping_status":"closed","template":"full_width.php","meta":{"footnotes":""},"class_list":["post-2025","page","type-page","status-publish","hentry"],"_links":{"self":[{"href":"https:\/\/asso-innae.fr\/index.php?rest_route=\/wp\/v2\/pages\/2025","targetHints":{"allow":["GET"]}}],"collection":[{"href":"https:\/\/asso-innae.fr\/index.php?rest_route=\/wp\/v2\/pages"}],"about":[{"href":"https:\/\/asso-innae.fr\/index.php?rest_route=\/wp\/v2\/types\/page"}],"author":[{"embeddable":true,"href":"https:\/\/asso-innae.fr\/index.php?rest_route=\/wp\/v2\/users\/3"}],"replies":[{"embeddable":true,"href":"https:\/\/asso-innae.fr\/index.php?rest_route=%2Fwp%2Fv2%2Fcomments&post=2025"}],"version-history":[{"count":578,"href":"https:\/\/asso-innae.fr\/index.php?rest_route=\/wp\/v2\/pages\/2025\/revisions"}],"predecessor-version":[{"id":4691,"href":"https:\/\/asso-innae.fr\/index.php?rest_route=\/wp\/v2\/pages\/2025\/revisions\/4691"}],"wp:attachment":[{"href":"https:\/\/asso-innae.fr\/index.php?rest_route=%2Fwp%2Fv2%2Fmedia&parent=2025"}],"curies":[{"name":"wp","href":"https:\/\/api.w.org\/{rel}","templated":true}]}}